{"id":44,"date":"2025-07-15T08:51:55","date_gmt":"2025-07-15T06:51:55","guid":{"rendered":"https:\/\/labirynt.com\/prostepytania\/?page_id=44"},"modified":"2025-07-25T13:57:03","modified_gmt":"2025-07-25T11:57:03","slug":"katarzyna-gorna","status":"publish","type":"page","link":"https:\/\/labirynt.com\/prostepytania\/katarzyna-gorna\/","title":{"rendered":"katarzyna g\u00f3rna"},"content":{"rendered":"\n<h2 class=\"wp-block-heading alignfull podstronah2\"><a href=\"https:\/\/labirynt.com\/prostepytania\/katarzyna-gorna\/\">Katarzyna G\u00f3rna &#8211; Pami\u0119\u0107 Ziemi<\/a><\/h2>\n\n\n\n<figure class=\"wp-block-image alignfull size-large onlymobi\"><img loading=\"lazy\" decoding=\"async\" width=\"683\" height=\"1024\" src=\"https:\/\/labirynt.com\/prostepytania\/wp-content\/uploads\/2025\/07\/gorna4-683x1024.png\" alt=\"\" class=\"wp-image-351\" srcset=\"https:\/\/labirynt.com\/prostepytania\/wp-content\/uploads\/2025\/07\/gorna4-683x1024.png 683w, https:\/\/labirynt.com\/prostepytania\/wp-content\/uploads\/2025\/07\/gorna4-200x300.png 200w, https:\/\/labirynt.com\/prostepytania\/wp-content\/uploads\/2025\/07\/gorna4-768x1152.png 768w, https:\/\/labirynt.com\/prostepytania\/wp-content\/uploads\/2025\/07\/gorna4.png 800w\" sizes=\"auto, (max-width: 683px) 100vw, 683px\" \/><\/figure>\n\n\n\n<figure class=\"wp-block-image alignfull size-large onlydesk toper\"><img loading=\"lazy\" decoding=\"async\" width=\"683\" height=\"1024\" src=\"https:\/\/labirynt.com\/prostepytania\/wp-content\/uploads\/2025\/07\/gorna4-683x1024.png\" alt=\"\" class=\"wp-image-351\" srcset=\"https:\/\/labirynt.com\/prostepytania\/wp-content\/uploads\/2025\/07\/gorna4-683x1024.png 683w, https:\/\/labirynt.com\/prostepytania\/wp-content\/uploads\/2025\/07\/gorna4-200x300.png 200w, https:\/\/labirynt.com\/prostepytania\/wp-content\/uploads\/2025\/07\/gorna4-768x1152.png 768w, https:\/\/labirynt.com\/prostepytania\/wp-content\/uploads\/2025\/07\/gorna4.png 800w\" sizes=\"auto, (max-width: 683px) 100vw, 683px\" \/><\/figure>\n\n\n\n<p>5.07-17.08.2025<\/p>\n\n\n\n<p>Wystawa prezentuje nowe prace Katarzyny G\u00f3rnej, w kontek\u015bcie wyboru jej wcze\u015bniejszych dzie\u0142. Tworz\u0105c to zestawienie, artystka dokonuje pewnego przesuni\u0119cia znacze\u0144, kt\u00f3re powstaj\u0105 wok\u00f3\u0142 jej wcze\u015bniejszych realizacji, ujawniaj\u0105c trwaj\u0105cy proces reinterpretacji.<\/p>\n\n\n\n<p><br>Osi\u0105 wystawy s\u0105 dwie nowe realizacje \u2013 rze\u017aba kobiety trzymaj\u0105cej r\u0119ce w ziemi, oraz praca wideo, w kt\u00f3rej Bogus\u0142awa Schubert, aktorka filmowa i teatralna, opowiada o do\u015bwiadczeniu pracy nad rol\u0105 \u201eCzapli\u201d, kobiety-ptaka. Ta relacja \u2013 mi\u0119dzy marzeniem i buntem a daj\u0105cym oparcie pogodzeniem z gleb\u0105 i biosfer\u0105 \u2013 wyznacza jednocze\u015bnie skal\u0119 zaanga\u017cowania G\u00f3rnej.<\/p>\n\n\n\n<p><br>Dzisiaj w popularnym rozumieniu neolityczna Wenus traktowana jest jako prastary symbol p\u0142odno\u015bci. Jeden z pierwszych przyk\u0142ad\u00f3w male gaze\u2019u. Katarzyna G\u00f3rna od lat kwestionuje spo\u0142eczne klisze i konstruowane przez m\u0119\u017cczyzn wizerunki kobiet. Podwa\u017ca stereotypowe role, powi\u0105zane z kolejnymi okresami \u017cycia. Na fotografiach cz\u0119sto sama odbija m\u0119skie spojrzenie, jak w fotografiach \u201eFuck Me, Fuck You, Peace\u201d. Teraz jej wczesne prace spogl\u0105daj\u0105 na ni\u0105 sam\u0105, gdy zajmuje ju\u017c inne miejsce w tym tryptyku. Jednocze\u015bnie tym razem artystka proponuje nie tylko krytyczny komentarz, ale i afirmatywne wyj\u015bcie z tej konfrontacji. Pos\u0105\u017cki kobiet z epoki kamienia interpretuje jako \u015bwiadectwo ich innej roli \u2013 depozytariuszek wiedzy spo\u0142eczno\u015bci, os\u00f3b organizuj\u0105cych zbiorow\u0105 empati\u0119, opiekunek.<\/p>\n\n\n\n<h2 class=\"wp-block-heading alignwide\" id=\"we-re-a-studio-in-berlin-with-an-international-practice-in-architecture-urban-planning-and-interior-design-we-believe-in-sharing-knowledge-and-promoting-dialogue-to-increase-the-creative-potential-of-collaboration\" style=\"font-size:clamp(27.894px, 1.743rem + ((1vw - 3.2px) * 1.971), 48px);line-height:1.1\">Okres menopauzalny, kt\u00f3ry jest wa\u017cnym punktem odniesienia jej nowych projekt\u00f3w, artystka widzi jako uwalniaj\u0105cy i produktywny. Proponuj\u0105c nowe spojrzenie na wiek i jego znaczenie w spo\u0142ecze\u0144stwie, G\u00f3rna zwraca si\u0119 ku logice wsp\u00f3\u0142istnienia. Jej nowe prace w r\u00f3wnym stopniu odwo\u0142uj\u0105 si\u0119 do symboli kulturowych, co do nowych spojrze\u0144 badaczy na relacj\u0119 \u015bwiata natury i cz\u0142owieka, kt\u00f3r\u0105 na nowo odkrywamy i redefiniujemy wsp\u00f3\u0142cze\u015bnie. T\u0105 szczeg\u00f3ln\u0105, zapomnian\u0105 warto\u015bci\u0105, kt\u00f3r\u0105 starsze kobiety wnosi\u0142y do pradawnej spo\u0142eczno\u015bci, by\u0142a pami\u0119\u0107 ziem<\/h2>\n\n\n\n<p><br>Wiek osoby \u2013 kobiety \u2013 jest jednym z wa\u017cnych w\u0105tk\u00f3w wystawy. Katarzyna G\u00f3rna pracuje z r\u00f3\u017cnymi osobami, ale w wielu jej pracach to jej w\u0142asna cielesno\u015b\u0107 ma bardzo du\u017ce znaczenie. Nie chowa si\u0119 za postaci\u0105 kobiec\u0105 \u2013 to ona, Katarzyna G\u00f3rna. Dlatego jej prace, perspektywa, z jakiej si\u0119 wypowiada, i postawa, kt\u00f3r\u0105 reprezentuje, zmienia si\u0119 wraz z ni\u0105. Pracuje ze swoim cia\u0142em, to na swoim ciele rozwi\u0105zuje problemy, kt\u00f3re porusza. Zar\u00f3wno \u201eKobieta trzymaj\u0105ca r\u0119ce w ziemi\u201d, jak i \u201eWenus Antropocenu\u201d, powsta\u0142y w oparciu o odlew jej cia\u0142a.<\/p>\n\n\n\n<p><br>Wystaw\u0119 zamyka nowy cykl fotografii \u2013 \u201eBrudne kobiety\u201d. Jak m\u00f3wi artystka, zar\u00f3wno one, jak i bohaterki innych jej prac, to buntowniczki, kt\u00f3re z wiekiem odrzuci\u0142y stawiane im oczekiwania.<\/p>\n\n\n\n<p>Katarzyna G\u00f3rna \u201ePami\u0119\u0107 ziemi\u201d<br>kurator: Antoni Burzy\u0144ski<\/p>\n\n\n<div class='photonic-flickr-stream photonic-stream center alignfull' id='photonic-flickr-stream-1'>\n\n\t<div id='photonic-flickr-stream-1-container' class='title-display-none photonic-level-1-container sizes-present photonic-masonry-horizontal-layout photonic-thumbnail-effect-none' data-photonic-platform=\"flickr\" data-photonic-gallery-columns=\"auto\" data-photonic-query=\"columns=auto&amp;layout=masonry-horizontal&amp;display=local&amp;popup=hide&amp;filter=&amp;filter_type=include&amp;more=&amp;panel=&amp;custom_classes=center&amp;alignment=full&amp;photo_layout=square&amp;caption=title&amp;thumb_size=n&amp;main_size=h&amp;tile_size=same&amp;video_size=Video Original&amp;privacy_filter=&amp;count=500&amp;page=1&amp;paginate=&amp;collections_display=expanded&amp;user_id=92651950@N05&amp;collection_id=&amp;photoset_id=72177720327547264&amp;gallery_id=&amp;photo_id=&amp;media=photos&amp;type=flickr&amp;style=default&amp;view=photosets&amp;headers=none&amp;title_position=none&amp;iterate_level_3=1&amp;per_page=500&amp;photo_count=500&amp;overlay_size=n&amp;overlay_video_size=Video Original\" data-photonic-max-idx=\"39\">\n\t\t<figure class='photonic-level-1 photonic-thumb' data-photonic-idx=\"0\">\n\t\t\t<a href='https:\/\/live.staticflickr.com\/65535\/54652863452_20dce55407_h.jpg' title='' rel='lightbox-photonic-flickr-stream-1' class='photonic-lb photonic-baguettebox baguettebox' data-photonic-media-type=\"image\" data-content-type=\"image\" data-photonic-deep=\"gallery[photonic-flickr-set-1]\/54652863452\/\" data-title=\"&lt;a href=&#039;https:\/\/www.flickr.com\/photos\/92651950@N05\/54652863452\/in\/set-72177720327547264&#039; &gt;Katarzyna G\u00f3rna, Pami\u0119\u0107 ziemi\/ The Memory of The Land&lt;\/a&gt;\">\n\t\t\t\t<img alt='Katarzyna G\u00f3rna, Pami\u0119\u0107 ziemi\/ The Memory of The Land' class='masonry-horizontal' data-src='https:\/\/live.staticflickr.com\/65535\/54652863452_20dce55407_h.jpg' loading='lazy' width='1600' height='1067' \/>\n\t\t\t<\/a>\n\t\t<\/figure>\n\t\t<figure class='photonic-level-1 photonic-thumb' data-photonic-idx=\"1\">\n\t\t\t<a href='https:\/\/live.staticflickr.com\/65535\/54653936539_c4798f98f4_h.jpg' title='' rel='lightbox-photonic-flickr-stream-1' class='photonic-lb photonic-baguettebox baguettebox' data-photonic-media-type=\"image\" data-content-type=\"image\" data-photonic-deep=\"gallery[photonic-flickr-set-1]\/54653936539\/\" data-title=\"&lt;a href=&#039;https:\/\/www.flickr.com\/photos\/92651950@N05\/54653936539\/in\/set-72177720327547264&#039; &gt;Katarzyna G\u00f3rna, Pami\u0119\u0107 ziemi\/ The Memory of The Land&lt;\/a&gt;\">\n\t\t\t\t<img alt='Katarzyna G\u00f3rna, Pami\u0119\u0107 ziemi\/ The Memory of The Land' class='masonry-horizontal' data-src='https:\/\/live.staticflickr.com\/65535\/54653936539_c4798f98f4_h.jpg' loading='lazy' width='1600' height='1067' \/>\n\t\t\t<\/a>\n\t\t<\/figure>\n\t\t<figure class='photonic-level-1 photonic-thumb' data-photonic-idx=\"2\">\n\t\t\t<a href='https:\/\/live.staticflickr.com\/65535\/54654021450_d982201685_h.jpg' title='' rel='lightbox-photonic-flickr-stream-1' class='photonic-lb photonic-baguettebox baguettebox' data-photonic-media-type=\"image\" data-content-type=\"image\" data-photonic-deep=\"gallery[photonic-flickr-set-1]\/54654021450\/\" data-title=\"&lt;a href=&#039;https:\/\/www.flickr.com\/photos\/92651950@N05\/54654021450\/in\/set-72177720327547264&#039; &gt;Katarzyna G\u00f3rna, Pami\u0119\u0107 ziemi\/ The Memory of The Land&lt;\/a&gt;\">\n\t\t\t\t<img alt='Katarzyna G\u00f3rna, Pami\u0119\u0107 ziemi\/ The Memory of The Land' class='masonry-horizontal' data-src='https:\/\/live.staticflickr.com\/65535\/54654021450_d982201685_h.jpg' loading='lazy' width='1600' height='1067' \/>\n\t\t\t<\/a>\n\t\t<\/figure>\n\t\t<figure class='photonic-level-1 photonic-thumb' data-photonic-idx=\"3\">\n\t\t\t<a href='https:\/\/live.staticflickr.com\/65535\/54653935644_a4608ab34a_h.jpg' title='' rel='lightbox-photonic-flickr-stream-1' class='photonic-lb photonic-baguettebox baguettebox' data-photonic-media-type=\"image\" data-content-type=\"image\" data-photonic-deep=\"gallery[photonic-flickr-set-1]\/54653935644\/\" data-title=\"&lt;a href=&#039;https:\/\/www.flickr.com\/photos\/92651950@N05\/54653935644\/in\/set-72177720327547264&#039; &gt;atarzyna G\u00f3rna, Pami\u0119\u0107 ziemi\/ The Memory of The Land&lt;\/a&gt;\">\n\t\t\t\t<img alt='atarzyna G\u00f3rna, Pami\u0119\u0107 ziemi\/ The Memory of The Land' class='masonry-horizontal' data-src='https:\/\/live.staticflickr.com\/65535\/54653935644_a4608ab34a_h.jpg' loading='lazy' width='1600' height='1067' \/>\n\t\t\t<\/a>\n\t\t<\/figure>\n\t\t<figure class='photonic-level-1 photonic-thumb' data-photonic-idx=\"4\">\n\t\t\t<a href='https:\/\/live.staticflickr.com\/65535\/54653935614_4a9c26b6a6_h.jpg' title='' rel='lightbox-photonic-flickr-stream-1' class='photonic-lb photonic-baguettebox baguettebox' data-photonic-media-type=\"image\" data-content-type=\"image\" data-photonic-deep=\"gallery[photonic-flickr-set-1]\/54653935614\/\" data-title=\"&lt;a href=&#039;https:\/\/www.flickr.com\/photos\/92651950@N05\/54653935614\/in\/set-72177720327547264&#039; &gt;Katarzyna G\u00f3rna, Pami\u0119\u0107 ziemi\/ The Memory of The Land&lt;\/a&gt;\">\n\t\t\t\t<img alt='Katarzyna G\u00f3rna, Pami\u0119\u0107 ziemi\/ The Memory of The Land' class='masonry-horizontal' data-src='https:\/\/live.staticflickr.com\/65535\/54653935614_4a9c26b6a6_h.jpg' loading='lazy' width='1600' height='1067' \/>\n\t\t\t<\/a>\n\t\t<\/figure>\n\t\t<figure class='photonic-level-1 photonic-thumb' data-photonic-idx=\"5\">\n\t\t\t<a href='https:\/\/live.staticflickr.com\/65535\/54653701971_991685811b_h.jpg' title='' rel='lightbox-photonic-flickr-stream-1' class='photonic-lb photonic-baguettebox baguettebox' data-photonic-media-type=\"image\" data-content-type=\"image\" data-photonic-deep=\"gallery[photonic-flickr-set-1]\/54653701971\/\" data-title=\"&lt;a href=&#039;https:\/\/www.flickr.com\/photos\/92651950@N05\/54653701971\/in\/set-72177720327547264&#039; &gt;Katarzyna G\u00f3rna, Pami\u0119\u0107 ziemi\/ The Memory of The Land&lt;\/a&gt;\">\n\t\t\t\t<img alt='Katarzyna G\u00f3rna, Pami\u0119\u0107 ziemi\/ The Memory of The Land' class='masonry-horizontal' data-src='https:\/\/live.staticflickr.com\/65535\/54653701971_991685811b_h.jpg' loading='lazy' width='1600' height='1067' \/>\n\t\t\t<\/a>\n\t\t<\/figure>\n\t\t<figure class='photonic-level-1 photonic-thumb' data-photonic-idx=\"6\">\n\t\t\t<a href='https:\/\/live.staticflickr.com\/65535\/54653935754_093c0b4763_h.jpg' title='' rel='lightbox-photonic-flickr-stream-1' class='photonic-lb photonic-baguettebox baguettebox' data-photonic-media-type=\"image\" data-content-type=\"image\" data-photonic-deep=\"gallery[photonic-flickr-set-1]\/54653935754\/\" data-title=\"&lt;a href=&#039;https:\/\/www.flickr.com\/photos\/92651950@N05\/54653935754\/in\/set-72177720327547264&#039; &gt;Katarzyna G\u00f3rna, Pami\u0119\u0107 ziemi\/ The Memory of The Land&lt;\/a&gt;\">\n\t\t\t\t<img alt='Katarzyna G\u00f3rna, Pami\u0119\u0107 ziemi\/ The Memory of The Land' class='masonry-horizontal' data-src='https:\/\/live.staticflickr.com\/65535\/54653935754_093c0b4763_h.jpg' loading='lazy' width='1600' height='1067' \/>\n\t\t\t<\/a>\n\t\t<\/figure>\n\t\t<figure class='photonic-level-1 photonic-thumb' data-photonic-idx=\"7\">\n\t\t\t<a href='https:\/\/live.staticflickr.com\/65535\/54653933478_569561cba7_h.jpg' title='' rel='lightbox-photonic-flickr-stream-1' class='photonic-lb photonic-baguettebox baguettebox' data-photonic-media-type=\"image\" data-content-type=\"image\" data-photonic-deep=\"gallery[photonic-flickr-set-1]\/54653933478\/\" data-title=\"&lt;a href=&#039;https:\/\/www.flickr.com\/photos\/92651950@N05\/54653933478\/in\/set-72177720327547264&#039; &gt;Katarzyna G\u00f3rna, Pami\u0119\u0107 ziemi\/ The Memory of The Land&lt;\/a&gt;\">\n\t\t\t\t<img alt='Katarzyna G\u00f3rna, Pami\u0119\u0107 ziemi\/ The Memory of The Land' class='masonry-horizontal' data-src='https:\/\/live.staticflickr.com\/65535\/54653933478_569561cba7_h.jpg' loading='lazy' width='1600' height='1067' \/>\n\t\t\t<\/a>\n\t\t<\/figure>\n\t\t<figure class='photonic-level-1 photonic-thumb' data-photonic-idx=\"8\">\n\t\t\t<a href='https:\/\/live.staticflickr.com\/65535\/54652862552_2296ee47e4_h.jpg' title='' rel='lightbox-photonic-flickr-stream-1' class='photonic-lb photonic-baguettebox baguettebox' data-photonic-media-type=\"image\" data-content-type=\"image\" data-photonic-deep=\"gallery[photonic-flickr-set-1]\/54652862552\/\" data-title=\"&lt;a href=&#039;https:\/\/www.flickr.com\/photos\/92651950@N05\/54652862552\/in\/set-72177720327547264&#039; &gt;Katarzyna G\u00f3rna, Pami\u0119\u0107 ziemi\/ The Memory of The Land&lt;\/a&gt;\">\n\t\t\t\t<img alt='Katarzyna G\u00f3rna, Pami\u0119\u0107 ziemi\/ The Memory of The Land' class='masonry-horizontal' data-src='https:\/\/live.staticflickr.com\/65535\/54652862552_2296ee47e4_h.jpg' loading='lazy' width='1600' height='1067' \/>\n\t\t\t<\/a>\n\t\t<\/figure>\n\t\t<figure class='photonic-level-1 photonic-thumb' data-photonic-idx=\"9\">\n\t\t\t<a href='https:\/\/live.staticflickr.com\/65535\/54653935459_02c03b44ce_h.jpg' title='' rel='lightbox-photonic-flickr-stream-1' class='photonic-lb photonic-baguettebox baguettebox' data-photonic-media-type=\"image\" data-content-type=\"image\" data-photonic-deep=\"gallery[photonic-flickr-set-1]\/54653935459\/\" data-title=\"&lt;a href=&#039;https:\/\/www.flickr.com\/photos\/92651950@N05\/54653935459\/in\/set-72177720327547264&#039; &gt;Katarzyna G\u00f3rna, Pami\u0119\u0107 ziemi\/ The Memory of The Land&lt;\/a&gt;\">\n\t\t\t\t<img alt='Katarzyna G\u00f3rna, Pami\u0119\u0107 ziemi\/ The Memory of The Land' class='masonry-horizontal' data-src='https:\/\/live.staticflickr.com\/65535\/54653935459_02c03b44ce_h.jpg' loading='lazy' width='1600' height='1067' \/>\n\t\t\t<\/a>\n\t\t<\/figure>\n\t\t<figure class='photonic-level-1 photonic-thumb' data-photonic-idx=\"10\">\n\t\t\t<a href='https:\/\/live.staticflickr.com\/65535\/54653935289_a22e72e1e7_h.jpg' title='' rel='lightbox-photonic-flickr-stream-1' class='photonic-lb photonic-baguettebox baguettebox' data-photonic-media-type=\"image\" data-content-type=\"image\" data-photonic-deep=\"gallery[photonic-flickr-set-1]\/54653935289\/\" data-title=\"&lt;a href=&#039;https:\/\/www.flickr.com\/photos\/92651950@N05\/54653935289\/in\/set-72177720327547264&#039; &gt;Katarzyna G\u00f3rna, Pami\u0119\u0107 ziemi\/ The Memory of The Land&lt;\/a&gt;\">\n\t\t\t\t<img alt='Katarzyna G\u00f3rna, Pami\u0119\u0107 ziemi\/ The Memory of The Land' class='masonry-horizontal' data-src='https:\/\/live.staticflickr.com\/65535\/54653935289_a22e72e1e7_h.jpg' loading='lazy' width='1600' height='1067' \/>\n\t\t\t<\/a>\n\t\t<\/figure>\n\t\t<figure class='photonic-level-1 photonic-thumb' data-photonic-idx=\"11\">\n\t\t\t<a href='https:\/\/live.staticflickr.com\/65535\/54653701491_8bcc135d51_h.jpg' title='' rel='lightbox-photonic-flickr-stream-1' class='photonic-lb photonic-baguettebox baguettebox' data-photonic-media-type=\"image\" data-content-type=\"image\" data-photonic-deep=\"gallery[photonic-flickr-set-1]\/54653701491\/\" data-title=\"&lt;a href=&#039;https:\/\/www.flickr.com\/photos\/92651950@N05\/54653701491\/in\/set-72177720327547264&#039; &gt;Katarzyna G\u00f3rna, Pami\u0119\u0107 ziemi\/ The Memory of The Land&lt;\/a&gt;\">\n\t\t\t\t<img alt='Katarzyna G\u00f3rna, Pami\u0119\u0107 ziemi\/ The Memory of The Land' class='masonry-horizontal' data-src='https:\/\/live.staticflickr.com\/65535\/54653701491_8bcc135d51_h.jpg' loading='lazy' width='1600' height='1067' \/>\n\t\t\t<\/a>\n\t\t<\/figure>\n\t\t<figure class='photonic-level-1 photonic-thumb' data-photonic-idx=\"12\">\n\t\t\t<a href='https:\/\/live.staticflickr.com\/65535\/54653701581_b3b597e152_h.jpg' title='' rel='lightbox-photonic-flickr-stream-1' class='photonic-lb photonic-baguettebox baguettebox' data-photonic-media-type=\"image\" data-content-type=\"image\" data-photonic-deep=\"gallery[photonic-flickr-set-1]\/54653701581\/\" data-title=\"&lt;a href=&#039;https:\/\/www.flickr.com\/photos\/92651950@N05\/54653701581\/in\/set-72177720327547264&#039; &gt;Katarzyna G\u00f3rna, Pami\u0119\u0107 ziemi\/ The Memory of The Land&lt;\/a&gt;\">\n\t\t\t\t<img alt='Katarzyna G\u00f3rna, Pami\u0119\u0107 ziemi\/ The Memory of The Land' class='masonry-horizontal' data-src='https:\/\/live.staticflickr.com\/65535\/54653701581_b3b597e152_h.jpg' loading='lazy' width='1600' height='1067' \/>\n\t\t\t<\/a>\n\t\t<\/figure>\n\t\t<figure class='photonic-level-1 photonic-thumb' data-photonic-idx=\"13\">\n\t\t\t<a href='https:\/\/live.staticflickr.com\/65535\/54653935079_a74388d95b_h.jpg' title='' rel='lightbox-photonic-flickr-stream-1' class='photonic-lb photonic-baguettebox baguettebox' data-photonic-media-type=\"image\" data-content-type=\"image\" data-photonic-deep=\"gallery[photonic-flickr-set-1]\/54653935079\/\" data-title=\"&lt;a href=&#039;https:\/\/www.flickr.com\/photos\/92651950@N05\/54653935079\/in\/set-72177720327547264&#039; &gt;Katarzyna G\u00f3rna, Pami\u0119\u0107 ziemi\/ The Memory of The Land&lt;\/a&gt;\">\n\t\t\t\t<img alt='Katarzyna G\u00f3rna, Pami\u0119\u0107 ziemi\/ The Memory of The Land' class='masonry-horizontal' data-src='https:\/\/live.staticflickr.com\/65535\/54653935079_a74388d95b_h.jpg' loading='lazy' width='1600' height='1067' \/>\n\t\t\t<\/a>\n\t\t<\/figure>\n\t\t<figure class='photonic-level-1 photonic-thumb' data-photonic-idx=\"14\">\n\t\t\t<a href='https:\/\/live.staticflickr.com\/65535\/54652862537_7adb240d9f_h.jpg' title='' rel='lightbox-photonic-flickr-stream-1' class='photonic-lb photonic-baguettebox baguettebox' data-photonic-media-type=\"image\" data-content-type=\"image\" data-photonic-deep=\"gallery[photonic-flickr-set-1]\/54652862537\/\" data-title=\"&lt;a href=&#039;https:\/\/www.flickr.com\/photos\/92651950@N05\/54652862537\/in\/set-72177720327547264&#039; &gt;Katarzyna G\u00f3rna, Pami\u0119\u0107 ziemi\/ The Memory of The Land&lt;\/a&gt;\">\n\t\t\t\t<img alt='Katarzyna G\u00f3rna, Pami\u0119\u0107 ziemi\/ The Memory of The Land' class='masonry-horizontal' data-src='https:\/\/live.staticflickr.com\/65535\/54652862537_7adb240d9f_h.jpg' loading='lazy' width='1600' height='1037' \/>\n\t\t\t<\/a>\n\t\t<\/figure>\n\t\t<figure class='photonic-level-1 photonic-thumb' data-photonic-idx=\"15\">\n\t\t\t<a href='https:\/\/live.staticflickr.com\/65535\/54654081168_9f573df3d7_h.jpg' title='' rel='lightbox-photonic-flickr-stream-1' class='photonic-lb photonic-baguettebox baguettebox' data-photonic-media-type=\"image\" data-content-type=\"image\" data-photonic-deep=\"gallery[photonic-flickr-set-1]\/54654081168\/\" data-title=\"&lt;a href=&#039;https:\/\/www.flickr.com\/photos\/92651950@N05\/54654081168\/in\/set-72177720327547264&#039; &gt;Katarzyna G\u00f3rna, Pami\u0119\u0107 ziemi\/ The Memory of The Land&lt;\/a&gt;\">\n\t\t\t\t<img alt='Katarzyna G\u00f3rna, Pami\u0119\u0107 ziemi\/ The Memory of The Land' class='masonry-horizontal' data-src='https:\/\/live.staticflickr.com\/65535\/54654081168_9f573df3d7_h.jpg' loading='lazy' width='1600' height='1067' \/>\n\t\t\t<\/a>\n\t\t<\/figure>\n\t\t<figure class='photonic-level-1 photonic-thumb' data-photonic-idx=\"16\">\n\t\t\t<a href='https:\/\/live.staticflickr.com\/65535\/54652863387_4c19444b58_h.jpg' title='' rel='lightbox-photonic-flickr-stream-1' class='photonic-lb photonic-baguettebox baguettebox' data-photonic-media-type=\"image\" data-content-type=\"image\" data-photonic-deep=\"gallery[photonic-flickr-set-1]\/54652863387\/\" data-title=\"&lt;a href=&#039;https:\/\/www.flickr.com\/photos\/92651950@N05\/54652863387\/in\/set-72177720327547264&#039; &gt;Katarzyna G\u00f3rna, Pami\u0119\u0107 ziemi\/ The Memory of The Land&lt;\/a&gt;\">\n\t\t\t\t<img alt='Katarzyna G\u00f3rna, Pami\u0119\u0107 ziemi\/ The Memory of The Land' class='masonry-horizontal' data-src='https:\/\/live.staticflickr.com\/65535\/54652863387_4c19444b58_h.jpg' loading='lazy' width='1600' height='1067' \/>\n\t\t\t<\/a>\n\t\t<\/figure>\n\t\t<figure class='photonic-level-1 photonic-thumb' data-photonic-idx=\"17\">\n\t\t\t<a href='https:\/\/live.staticflickr.com\/65535\/54653702606_db958a429f_h.jpg' title='' rel='lightbox-photonic-flickr-stream-1' class='photonic-lb photonic-baguettebox baguettebox' data-photonic-media-type=\"image\" data-content-type=\"image\" data-photonic-deep=\"gallery[photonic-flickr-set-1]\/54653702606\/\" data-title=\"&lt;a href=&#039;https:\/\/www.flickr.com\/photos\/92651950@N05\/54653702606\/in\/set-72177720327547264&#039; &gt;Katarzyna G\u00f3rna, Pami\u0119\u0107 ziemi\/ The Memory of The Land&lt;\/a&gt;\">\n\t\t\t\t<img alt='Katarzyna G\u00f3rna, Pami\u0119\u0107 ziemi\/ The Memory of The Land' class='masonry-horizontal' data-src='https:\/\/live.staticflickr.com\/65535\/54653702606_db958a429f_h.jpg' loading='lazy' width='1600' height='1067' \/>\n\t\t\t<\/a>\n\t\t<\/figure>\n\t\t<figure class='photonic-level-1 photonic-thumb' data-photonic-idx=\"18\">\n\t\t\t<a href='https:\/\/live.staticflickr.com\/65535\/54653936454_a46f060742_h.jpg' title='' rel='lightbox-photonic-flickr-stream-1' class='photonic-lb photonic-baguettebox baguettebox' data-photonic-media-type=\"image\" data-content-type=\"image\" data-photonic-deep=\"gallery[photonic-flickr-set-1]\/54653936454\/\" data-title=\"&lt;a href=&#039;https:\/\/www.flickr.com\/photos\/92651950@N05\/54653936454\/in\/set-72177720327547264&#039; &gt;Katarzyna G\u00f3rna, Pami\u0119\u0107 ziemi\/ The Memory of The Land&lt;\/a&gt;\">\n\t\t\t\t<img alt='Katarzyna G\u00f3rna, Pami\u0119\u0107 ziemi\/ The Memory of The Land' class='masonry-horizontal' data-src='https:\/\/live.staticflickr.com\/65535\/54653936454_a46f060742_h.jpg' loading='lazy' width='1600' height='1067' \/>\n\t\t\t<\/a>\n\t\t<\/figure>\n\t\t<figure class='photonic-level-1 photonic-thumb' data-photonic-idx=\"19\">\n\t\t\t<a href='https:\/\/live.staticflickr.com\/65535\/54653935444_0c040b8756_h.jpg' title='' rel='lightbox-photonic-flickr-stream-1' class='photonic-lb photonic-baguettebox baguettebox' data-photonic-media-type=\"image\" data-content-type=\"image\" data-photonic-deep=\"gallery[photonic-flickr-set-1]\/54653935444\/\" data-title=\"&lt;a href=&#039;https:\/\/www.flickr.com\/photos\/92651950@N05\/54653935444\/in\/set-72177720327547264&#039; &gt;Katarzyna G\u00f3rna, Pami\u0119\u0107 ziemi\/ The Memory of The Land&lt;\/a&gt;\">\n\t\t\t\t<img alt='Katarzyna G\u00f3rna, Pami\u0119\u0107 ziemi\/ The Memory of The Land' class='masonry-horizontal' data-src='https:\/\/live.staticflickr.com\/65535\/54653935444_0c040b8756_h.jpg' loading='lazy' width='1177' height='1600' \/>\n\t\t\t<\/a>\n\t\t<\/figure>\n\t\t<figure class='photonic-level-1 photonic-thumb' data-photonic-idx=\"20\">\n\t\t\t<a href='https:\/\/live.staticflickr.com\/65535\/54653935949_32c9e8235d_h.jpg' title='' rel='lightbox-photonic-flickr-stream-1' class='photonic-lb photonic-baguettebox baguettebox' data-photonic-media-type=\"image\" data-content-type=\"image\" data-photonic-deep=\"gallery[photonic-flickr-set-1]\/54653935949\/\" data-title=\"&lt;a href=&#039;https:\/\/www.flickr.com\/photos\/92651950@N05\/54653935949\/in\/set-72177720327547264&#039; &gt;Katarzyna G\u00f3rna, Pami\u0119\u0107 ziemi\/ The Memory of The Land&lt;\/a&gt;\">\n\t\t\t\t<img alt='Katarzyna G\u00f3rna, Pami\u0119\u0107 ziemi\/ The Memory of The Land' class='masonry-horizontal' data-src='https:\/\/live.staticflickr.com\/65535\/54653935949_32c9e8235d_h.jpg' loading='lazy' width='1600' height='1067' \/>\n\t\t\t<\/a>\n\t\t<\/figure>\n\t\t<figure class='photonic-level-1 photonic-thumb' data-photonic-idx=\"21\">\n\t\t\t<a href='https:\/\/live.staticflickr.com\/65535\/54653934093_bf11022016_h.jpg' title='' rel='lightbox-photonic-flickr-stream-1' class='photonic-lb photonic-baguettebox baguettebox' data-photonic-media-type=\"image\" data-content-type=\"image\" data-photonic-deep=\"gallery[photonic-flickr-set-1]\/54653934093\/\" data-title=\"&lt;a href=&#039;https:\/\/www.flickr.com\/photos\/92651950@N05\/54653934093\/in\/set-72177720327547264&#039; &gt;Katarzyna G\u00f3rna, Pami\u0119\u0107 ziemi\/ The Memory of The Land&lt;\/a&gt;\">\n\t\t\t\t<img alt='Katarzyna G\u00f3rna, Pami\u0119\u0107 ziemi\/ The Memory of The Land' class='masonry-horizontal' data-src='https:\/\/live.staticflickr.com\/65535\/54653934093_bf11022016_h.jpg' loading='lazy' width='1067' height='1600' \/>\n\t\t\t<\/a>\n\t\t<\/figure>\n\t\t<figure class='photonic-level-1 photonic-thumb' data-photonic-idx=\"22\">\n\t\t\t<a href='https:\/\/live.staticflickr.com\/65535\/54653933818_ff849c42b0_h.jpg' title='' rel='lightbox-photonic-flickr-stream-1' class='photonic-lb photonic-baguettebox baguettebox' data-photonic-media-type=\"image\" data-content-type=\"image\" data-photonic-deep=\"gallery[photonic-flickr-set-1]\/54653933818\/\" data-title=\"&lt;a href=&#039;https:\/\/www.flickr.com\/photos\/92651950@N05\/54653933818\/in\/set-72177720327547264&#039; &gt;Katarzyna G\u00f3rna, Pami\u0119\u0107 ziemi\/ The Memory of The Land&lt;\/a&gt;\">\n\t\t\t\t<img alt='Katarzyna G\u00f3rna, Pami\u0119\u0107 ziemi\/ The Memory of The Land' class='masonry-horizontal' data-src='https:\/\/live.staticflickr.com\/65535\/54653933818_ff849c42b0_h.jpg' loading='lazy' width='1600' height='1060' \/>\n\t\t\t<\/a>\n\t\t<\/figure>\n\t\t<figure class='photonic-level-1 photonic-thumb' data-photonic-idx=\"23\">\n\t\t\t<a href='https:\/\/live.staticflickr.com\/65535\/54654021640_470fa849a6_h.jpg' title='' rel='lightbox-photonic-flickr-stream-1' class='photonic-lb photonic-baguettebox baguettebox' data-photonic-media-type=\"image\" data-content-type=\"image\" data-photonic-deep=\"gallery[photonic-flickr-set-1]\/54654021640\/\" data-title=\"&lt;a href=&#039;https:\/\/www.flickr.com\/photos\/92651950@N05\/54654021640\/in\/set-72177720327547264&#039; &gt;Katarzyna G\u00f3rna, Pami\u0119\u0107 ziemi\/ The Memory of The Land&lt;\/a&gt;\">\n\t\t\t\t<img alt='Katarzyna G\u00f3rna, Pami\u0119\u0107 ziemi\/ The Memory of The Land' class='masonry-horizontal' data-src='https:\/\/live.staticflickr.com\/65535\/54654021640_470fa849a6_h.jpg' loading='lazy' width='1600' height='1067' \/>\n\t\t\t<\/a>\n\t\t<\/figure>\n\t\t<figure class='photonic-level-1 photonic-thumb' data-photonic-idx=\"24\">\n\t\t\t<a href='https:\/\/live.staticflickr.com\/65535\/54653702041_cb380253f4_h.jpg' title='' rel='lightbox-photonic-flickr-stream-1' class='photonic-lb photonic-baguettebox baguettebox' data-photonic-media-type=\"image\" data-content-type=\"image\" data-photonic-deep=\"gallery[photonic-flickr-set-1]\/54653702041\/\" data-title=\"&lt;a href=&#039;https:\/\/www.flickr.com\/photos\/92651950@N05\/54653702041\/in\/set-72177720327547264&#039; &gt;Katarzyna G\u00f3rna, Pami\u0119\u0107 ziemi\/ The Memory of The Land&lt;\/a&gt;\">\n\t\t\t\t<img alt='Katarzyna G\u00f3rna, Pami\u0119\u0107 ziemi\/ The Memory of The Land' class='masonry-horizontal' data-src='https:\/\/live.staticflickr.com\/65535\/54653702041_cb380253f4_h.jpg' loading='lazy' width='1600' height='1067' \/>\n\t\t\t<\/a>\n\t\t<\/figure>\n\t\t<figure class='photonic-level-1 photonic-thumb' data-photonic-idx=\"25\">\n\t\t\t<a href='https:\/\/live.staticflickr.com\/65535\/54654022395_b9d2ac476f_h.jpg' title='' rel='lightbox-photonic-flickr-stream-1' class='photonic-lb photonic-baguettebox baguettebox' data-photonic-media-type=\"image\" data-content-type=\"image\" data-photonic-deep=\"gallery[photonic-flickr-set-1]\/54654022395\/\" data-title=\"&lt;a href=&#039;https:\/\/www.flickr.com\/photos\/92651950@N05\/54654022395\/in\/set-72177720327547264&#039; &gt;Katarzyna G\u00f3rna, Pami\u0119\u0107 ziemi\/ The Memory of The Land&lt;\/a&gt;\">\n\t\t\t\t<img alt='Katarzyna G\u00f3rna, Pami\u0119\u0107 ziemi\/ The Memory of The Land' class='masonry-horizontal' data-src='https:\/\/live.staticflickr.com\/65535\/54654022395_b9d2ac476f_h.jpg' loading='lazy' width='1600' height='1067' \/>\n\t\t\t<\/a>\n\t\t<\/figure>\n\t\t<figure class='photonic-level-1 photonic-thumb' data-photonic-idx=\"26\">\n\t\t\t<a href='https:\/\/live.staticflickr.com\/65535\/54654021735_97335395b5_h.jpg' title='' rel='lightbox-photonic-flickr-stream-1' class='photonic-lb photonic-baguettebox baguettebox' data-photonic-media-type=\"image\" data-content-type=\"image\" data-photonic-deep=\"gallery[photonic-flickr-set-1]\/54654021735\/\" data-title=\"&lt;a href=&#039;https:\/\/www.flickr.com\/photos\/92651950@N05\/54654021735\/in\/set-72177720327547264&#039; &gt;Katarzyna G\u00f3rna, Pami\u0119\u0107 ziemi\/ The Memory of The Land&lt;\/a&gt;\">\n\t\t\t\t<img alt='Katarzyna G\u00f3rna, Pami\u0119\u0107 ziemi\/ The Memory of The Land' class='masonry-horizontal' data-src='https:\/\/live.staticflickr.com\/65535\/54654021735_97335395b5_h.jpg' loading='lazy' width='1600' height='1067' \/>\n\t\t\t<\/a>\n\t\t<\/figure>\n\t\t<figure class='photonic-level-1 photonic-thumb' data-photonic-idx=\"27\">\n\t\t\t<a href='https:\/\/live.staticflickr.com\/65535\/54654021770_414d52e72f_h.jpg' title='' rel='lightbox-photonic-flickr-stream-1' class='photonic-lb photonic-baguettebox baguettebox' data-photonic-media-type=\"image\" data-content-type=\"image\" data-photonic-deep=\"gallery[photonic-flickr-set-1]\/54654021770\/\" data-title=\"&lt;a href=&#039;https:\/\/www.flickr.com\/photos\/92651950@N05\/54654021770\/in\/set-72177720327547264&#039; &gt;Katarzyna G\u00f3rna, Pami\u0119\u0107 ziemi\/ The Memory of The Land&lt;\/a&gt;\">\n\t\t\t\t<img alt='Katarzyna G\u00f3rna, Pami\u0119\u0107 ziemi\/ The Memory of The Land' class='masonry-horizontal' data-src='https:\/\/live.staticflickr.com\/65535\/54654021770_414d52e72f_h.jpg' loading='lazy' width='1600' height='1067' \/>\n\t\t\t<\/a>\n\t\t<\/figure>\n\t\t<figure class='photonic-level-1 photonic-thumb' data-photonic-idx=\"28\">\n\t\t\t<a href='https:\/\/live.staticflickr.com\/65535\/54654021820_ad3e0ebe92_h.jpg' title='' rel='lightbox-photonic-flickr-stream-1' class='photonic-lb photonic-baguettebox baguettebox' data-photonic-media-type=\"image\" data-content-type=\"image\" data-photonic-deep=\"gallery[photonic-flickr-set-1]\/54654021820\/\" data-title=\"&lt;a href=&#039;https:\/\/www.flickr.com\/photos\/92651950@N05\/54654021820\/in\/set-72177720327547264&#039; &gt;Katarzyna G\u00f3rna, Pami\u0119\u0107 ziemi\/ The Memory of The Land&lt;\/a&gt;\">\n\t\t\t\t<img alt='Katarzyna G\u00f3rna, Pami\u0119\u0107 ziemi\/ The Memory of The Land' class='masonry-horizontal' data-src='https:\/\/live.staticflickr.com\/65535\/54654021820_ad3e0ebe92_h.jpg' loading='lazy' width='1600' height='1067' \/>\n\t\t\t<\/a>\n\t\t<\/figure>\n\t\t<figure class='photonic-level-1 photonic-thumb' data-photonic-idx=\"29\">\n\t\t\t<a href='https:\/\/live.staticflickr.com\/65535\/54653934373_277b30484a_h.jpg' title='' rel='lightbox-photonic-flickr-stream-1' class='photonic-lb photonic-baguettebox baguettebox' data-photonic-media-type=\"image\" data-content-type=\"image\" data-photonic-deep=\"gallery[photonic-flickr-set-1]\/54653934373\/\" data-title=\"&lt;a href=&#039;https:\/\/www.flickr.com\/photos\/92651950@N05\/54653934373\/in\/set-72177720327547264&#039; &gt;Katarzyna G\u00f3rna, Pami\u0119\u0107 ziemi\/ The Memory of The Land&lt;\/a&gt;\">\n\t\t\t\t<img alt='Katarzyna G\u00f3rna, Pami\u0119\u0107 ziemi\/ The Memory of The Land' class='masonry-horizontal' data-src='https:\/\/live.staticflickr.com\/65535\/54653934373_277b30484a_h.jpg' loading='lazy' width='1600' height='1067' \/>\n\t\t\t<\/a>\n\t\t<\/figure>\n\t\t<figure class='photonic-level-1 photonic-thumb' data-photonic-idx=\"30\">\n\t\t\t<a href='https:\/\/live.staticflickr.com\/65535\/54652863172_201e571c8f_h.jpg' title='' rel='lightbox-photonic-flickr-stream-1' class='photonic-lb photonic-baguettebox baguettebox' data-photonic-media-type=\"image\" data-content-type=\"image\" data-photonic-deep=\"gallery[photonic-flickr-set-1]\/54652863172\/\" data-title=\"&lt;a href=&#039;https:\/\/www.flickr.com\/photos\/92651950@N05\/54652863172\/in\/set-72177720327547264&#039; &gt;Katarzyna G\u00f3rna, Pami\u0119\u0107 ziemi\/ The Memory of The Land&lt;\/a&gt;\">\n\t\t\t\t<img alt='Katarzyna G\u00f3rna, Pami\u0119\u0107 ziemi\/ The Memory of The Land' class='masonry-horizontal' data-src='https:\/\/live.staticflickr.com\/65535\/54652863172_201e571c8f_h.jpg' loading='lazy' width='1600' height='1067' \/>\n\t\t\t<\/a>\n\t\t<\/figure>\n\t\t<figure class='photonic-level-1 photonic-thumb' data-photonic-idx=\"31\">\n\t\t\t<a href='https:\/\/live.staticflickr.com\/65535\/54653935479_62a922238f_h.jpg' title='' rel='lightbox-photonic-flickr-stream-1' class='photonic-lb photonic-baguettebox baguettebox' data-photonic-media-type=\"image\" data-content-type=\"image\" data-photonic-deep=\"gallery[photonic-flickr-set-1]\/54653935479\/\" data-title=\"&lt;a href=&#039;https:\/\/www.flickr.com\/photos\/92651950@N05\/54653935479\/in\/set-72177720327547264&#039; &gt;Katarzyna G\u00f3rna, Pami\u0119\u0107 ziemi\/ The Memory of The Land&lt;\/a&gt;\">\n\t\t\t\t<img alt='Katarzyna G\u00f3rna, Pami\u0119\u0107 ziemi\/ The Memory of The Land' class='masonry-horizontal' data-src='https:\/\/live.staticflickr.com\/65535\/54653935479_62a922238f_h.jpg' loading='lazy' width='1067' height='1600' \/>\n\t\t\t<\/a>\n\t\t<\/figure>\n\t\t<figure class='photonic-level-1 photonic-thumb' data-photonic-idx=\"32\">\n\t\t\t<a href='https:\/\/live.staticflickr.com\/65535\/54653701651_26d8eaa42a_h.jpg' title='' rel='lightbox-photonic-flickr-stream-1' class='photonic-lb photonic-baguettebox baguettebox' data-photonic-media-type=\"image\" data-content-type=\"image\" data-photonic-deep=\"gallery[photonic-flickr-set-1]\/54653701651\/\" data-title=\"&lt;a href=&#039;https:\/\/www.flickr.com\/photos\/92651950@N05\/54653701651\/in\/set-72177720327547264&#039; &gt;Katarzyna G\u00f3rna, Pami\u0119\u0107 ziemi\/ The Memory of The Land&lt;\/a&gt;\">\n\t\t\t\t<img alt='Katarzyna G\u00f3rna, Pami\u0119\u0107 ziemi\/ The Memory of The Land' class='masonry-horizontal' data-src='https:\/\/live.staticflickr.com\/65535\/54653701651_26d8eaa42a_h.jpg' loading='lazy' width='1600' height='1067' \/>\n\t\t\t<\/a>\n\t\t<\/figure>\n\t\t<figure class='photonic-level-1 photonic-thumb' data-photonic-idx=\"33\">\n\t\t\t<a href='https:\/\/live.staticflickr.com\/65535\/54654021990_28a0010211_h.jpg' title='' rel='lightbox-photonic-flickr-stream-1' class='photonic-lb photonic-baguettebox baguettebox' data-photonic-media-type=\"image\" data-content-type=\"image\" data-photonic-deep=\"gallery[photonic-flickr-set-1]\/54654021990\/\" data-title=\"&lt;a href=&#039;https:\/\/www.flickr.com\/photos\/92651950@N05\/54654021990\/in\/set-72177720327547264&#039; &gt;Katarzyna G\u00f3rna, Pami\u0119\u0107 ziemi\/ The Memory of The Land&lt;\/a&gt;\">\n\t\t\t\t<img alt='Katarzyna G\u00f3rna, Pami\u0119\u0107 ziemi\/ The Memory of The Land' class='masonry-horizontal' data-src='https:\/\/live.staticflickr.com\/65535\/54654021990_28a0010211_h.jpg' loading='lazy' width='1067' height='1600' \/>\n\t\t\t<\/a>\n\t\t<\/figure>\n\t\t<figure class='photonic-level-1 photonic-thumb' data-photonic-idx=\"34\">\n\t\t\t<a href='https:\/\/live.staticflickr.com\/65535\/54652862652_f517c18da5_h.jpg' title='' rel='lightbox-photonic-flickr-stream-1' class='photonic-lb photonic-baguettebox baguettebox' data-photonic-media-type=\"image\" data-content-type=\"image\" data-photonic-deep=\"gallery[photonic-flickr-set-1]\/54652862652\/\" data-title=\"&lt;a href=&#039;https:\/\/www.flickr.com\/photos\/92651950@N05\/54652862652\/in\/set-72177720327547264&#039; &gt;Katarzyna G\u00f3rna, Pami\u0119\u0107 ziemi\/ The Memory of The Land&lt;\/a&gt;\">\n\t\t\t\t<img alt='Katarzyna G\u00f3rna, Pami\u0119\u0107 ziemi\/ The Memory of The Land' class='masonry-horizontal' data-src='https:\/\/live.staticflickr.com\/65535\/54652862652_f517c18da5_h.jpg' loading='lazy' width='1600' height='1067' \/>\n\t\t\t<\/a>\n\t\t<\/figure>\n\t\t<figure class='photonic-level-1 photonic-thumb' data-photonic-idx=\"35\">\n\t\t\t<a href='https:\/\/live.staticflickr.com\/65535\/54654021930_161b955bae_h.jpg' title='' rel='lightbox-photonic-flickr-stream-1' class='photonic-lb photonic-baguettebox baguettebox' data-photonic-media-type=\"image\" data-content-type=\"image\" data-photonic-deep=\"gallery[photonic-flickr-set-1]\/54654021930\/\" data-title=\"&lt;a href=&#039;https:\/\/www.flickr.com\/photos\/92651950@N05\/54654021930\/in\/set-72177720327547264&#039; &gt;Katarzyna G\u00f3rna, Pami\u0119\u0107 ziemi\/ The Memory of The Land&lt;\/a&gt;\">\n\t\t\t\t<img alt='Katarzyna G\u00f3rna, Pami\u0119\u0107 ziemi\/ The Memory of The Land' class='masonry-horizontal' data-src='https:\/\/live.staticflickr.com\/65535\/54654021930_161b955bae_h.jpg' loading='lazy' width='1600' height='1067' \/>\n\t\t\t<\/a>\n\t\t<\/figure>\n\t\t<figure class='photonic-level-1 photonic-thumb' data-photonic-idx=\"36\">\n\t\t\t<a href='https:\/\/live.staticflickr.com\/65535\/54653933868_b70a62b161_h.jpg' title='' rel='lightbox-photonic-flickr-stream-1' class='photonic-lb photonic-baguettebox baguettebox' data-photonic-media-type=\"image\" data-content-type=\"image\" data-photonic-deep=\"gallery[photonic-flickr-set-1]\/54653933868\/\" data-title=\"&lt;a href=&#039;https:\/\/www.flickr.com\/photos\/92651950@N05\/54653933868\/in\/set-72177720327547264&#039; &gt;Katarzyna G\u00f3rna, Pami\u0119\u0107 ziemi\/ The Memory of The Land&lt;\/a&gt;\">\n\t\t\t\t<img alt='Katarzyna G\u00f3rna, Pami\u0119\u0107 ziemi\/ The Memory of The Land' class='masonry-horizontal' data-src='https:\/\/live.staticflickr.com\/65535\/54653933868_b70a62b161_h.jpg' loading='lazy' width='1600' height='1067' \/>\n\t\t\t<\/a>\n\t\t<\/figure>\n\t\t<figure class='photonic-level-1 photonic-thumb' data-photonic-idx=\"37\">\n\t\t\t<a href='https:\/\/live.staticflickr.com\/65535\/54654022025_046e4bbb61_h.jpg' title='' rel='lightbox-photonic-flickr-stream-1' class='photonic-lb photonic-baguettebox baguettebox' data-photonic-media-type=\"image\" data-content-type=\"image\" data-photonic-deep=\"gallery[photonic-flickr-set-1]\/54654022025\/\" data-title=\"&lt;a href=&#039;https:\/\/www.flickr.com\/photos\/92651950@N05\/54654022025\/in\/set-72177720327547264&#039; &gt;Katarzyna G\u00f3rna, Pami\u0119\u0107 ziemi\/ The Memory of The Land&lt;\/a&gt;\">\n\t\t\t\t<img alt='Katarzyna G\u00f3rna, Pami\u0119\u0107 ziemi\/ The Memory of The Land' class='masonry-horizontal' data-src='https:\/\/live.staticflickr.com\/65535\/54654022025_046e4bbb61_h.jpg' loading='lazy' width='1600' height='1067' \/>\n\t\t\t<\/a>\n\t\t<\/figure>\n\t\t<figure class='photonic-level-1 photonic-thumb' data-photonic-idx=\"38\">\n\t\t\t<a href='https:\/\/live.staticflickr.com\/65535\/54653933723_628405f895_h.jpg' title='' rel='lightbox-photonic-flickr-stream-1' class='photonic-lb photonic-baguettebox baguettebox' data-photonic-media-type=\"image\" data-content-type=\"image\" data-photonic-deep=\"gallery[photonic-flickr-set-1]\/54653933723\/\" data-title=\"&lt;a href=&#039;https:\/\/www.flickr.com\/photos\/92651950@N05\/54653933723\/in\/set-72177720327547264&#039; &gt;Katarzyna G\u00f3rna, Pami\u0119\u0107 ziemi\/ The Memory of The Land&lt;\/a&gt;\">\n\t\t\t\t<img alt='Katarzyna G\u00f3rna, Pami\u0119\u0107 ziemi\/ The Memory of The Land' class='masonry-horizontal' data-src='https:\/\/live.staticflickr.com\/65535\/54653933723_628405f895_h.jpg' loading='lazy' width='1600' height='1067' \/>\n\t\t\t<\/a>\n\t\t<\/figure>\n\n\t<\/div> <!-- .\/photonic-level-1-container -->\n\t<span id='photonic-flickr-stream-1-container-end'><\/span>\n<\/div><!-- .photonic-stream or .photonic-panel -->\n\n\n\n<div class=\"wp-block-group alignfull is-style-section-5 has-global-padding is-layout-constrained wp-block-group-is-layout-constrained is-style-section-5--1\" style=\"margin-top:0;margin-bottom:0;padding-top:var(--wp--preset--spacing--50);padding-bottom:var(--wp--preset--spacing--50)\">\n<div class=\"wp-block-columns alignwide is-layout-flex wp-container-core-columns-is-layout-7ee84d44 wp-block-columns-is-layout-flex\">\n<div class=\"wp-block-column is-vertically-aligned-center is-layout-flow wp-block-column-is-layout-flow\" style=\"flex-basis:50%\">\n<h2 class=\"wp-block-heading\">Katarzyna G\u00f3rna<\/h2>\n\n\n\n<p class=\"has-medium-font-size\">Polska artystka wsp\u00f3\u0142czesna, jedna z czo\u0142owych przedstawicielek sztuki krytycznej, wywodz\u0105cej si\u0119 z lat dziewi\u0119\u0107dziesi\u0105tych. Jest jedn\u0105 z absolwentek pracowni Grzegorza Kowalskiego. Pos\u0142uguje si\u0119 m.in. fotografi\u0105, instalacj\u0105 i wideo. Tw\u00f3rczo\u015b\u0107 Katarzyny G\u00f3rnej opiera si\u0119 na perspektywie kobiecego spojrzenia na rzeczywisto\u015b\u0107 spo\u0142eczn\u0105 oraz symboliczne formy funkcjonowania obrazu kobiety w kulturze, jak napisa\u0142 Karol Sienkiewicz. Jej spojrzenie porusza si\u0119 po spektrum mi\u0119dzy krytyczno\u015bci\u0105 a czu\u0142o\u015bci\u0105. Wa\u017cne miejsce w jej tw\u00f3rczo\u015bci zajmuje r\u00f3wnie\u017c natura i w\u0105tki ekologiczne. W ostatnich latach skupia si\u0119 rze\u017abie i pracach wideo.<br>Bra\u0142a udzia\u0142 w wystawach m.in. w: Biennale Warszawa, Muzeum Sztuki Nowoczesnej w Warszawie, PGS w Sopocie, CSW ZU, Bunkrze Sztuki, MOCAK-u, Muzeum Narodowym w Warszawie, Prague Biennale, NBK Berlin.<br>Katarzyna G\u00f3rna jest r\u00f3wnie\u017c od wielu lat g\u0142\u0119boko zaanga\u017cowana w dzia\u0142alno\u015b\u0107 aktywistyczn\u0105 na rzecz artystek i artyst\u00f3w.<\/p>\n<\/div>\n\n\n\n<div class=\"wp-block-column is-vertically-aligned-center is-layout-flow wp-block-column-is-layout-flow\" style=\"flex-basis:50%\">\n<figure class=\"wp-block-image size-full\"><img loading=\"lazy\" decoding=\"async\" width=\"2451\" height=\"2560\" src=\"https:\/\/labirynt.com\/prostepytania\/wp-content\/uploads\/2025\/07\/gorna-scaled.jpg\" alt=\"\" class=\"wp-image-93\" style=\"aspect-ratio:1;object-fit:cover\" srcset=\"https:\/\/labirynt.com\/prostepytania\/wp-content\/uploads\/2025\/07\/gorna-scaled.jpg 2451w, https:\/\/labirynt.com\/prostepytania\/wp-content\/uploads\/2025\/07\/gorna-287x300.jpg 287w, https:\/\/labirynt.com\/prostepytania\/wp-content\/uploads\/2025\/07\/gorna-981x1024.jpg 981w, https:\/\/labirynt.com\/prostepytania\/wp-content\/uploads\/2025\/07\/gorna-768x802.jpg 768w, https:\/\/labirynt.com\/prostepytania\/wp-content\/uploads\/2025\/07\/gorna-1471x1536.jpg 1471w, https:\/\/labirynt.com\/prostepytania\/wp-content\/uploads\/2025\/07\/gorna-1961x2048.jpg 1961w\" sizes=\"auto, (max-width: 2451px) 100vw, 2451px\" \/><\/figure>\n<\/div>\n<\/div>\n<\/div>\n","protected":false},"excerpt":{"rendered":"<p>Katarzyna G\u00f3rna &#8211; Pami\u0119\u0107 Ziemi 5.07-17.08.2025 Wystawa prezentuje nowe prace Katarzyny G\u00f3rnej, w kontek\u015bcie wyboru jej wcze\u015bniejszych dzie\u0142. Tworz\u0105c to zestawienie, artystka dokonuje pewnego przesuni\u0119cia znacze\u0144, kt\u00f3re powstaj\u0105 wok\u00f3\u0142 jej wcze\u015bniejszych realizacji, ujawniaj\u0105c trwaj\u0105cy proces reinterpretacji. Osi\u0105 wystawy s\u0105 dwie nowe realizacje \u2013 rze\u017aba kobiety trzymaj\u0105cej r\u0119ce w ziemi, oraz praca wideo, w kt\u00f3rej Bogus\u0142awa [&hellip;]<\/p>\n","protected":false},"author":1,"featured_media":0,"parent":0,"menu_order":6,"comment_status":"closed","ping_status":"closed","template":"","meta":{"inline_featured_image":false,"footnotes":""},"class_list":["post-44","page","type-page","status-publish","hentry"],"_links":{"self":[{"href":"https:\/\/labirynt.com\/prostepytania\/wp-json\/wp\/v2\/pages\/44","targetHints":{"allow":["GET"]}}],"collection":[{"href":"https:\/\/labirynt.com\/prostepytania\/wp-json\/wp\/v2\/pages"}],"about":[{"href":"https:\/\/labirynt.com\/prostepytania\/wp-json\/wp\/v2\/types\/page"}],"author":[{"embeddable":true,"href":"https:\/\/labirynt.com\/prostepytania\/wp-json\/wp\/v2\/users\/1"}],"replies":[{"embeddable":true,"href":"https:\/\/labirynt.com\/prostepytania\/wp-json\/wp\/v2\/comments?post=44"}],"version-history":[{"count":28,"href":"https:\/\/labirynt.com\/prostepytania\/wp-json\/wp\/v2\/pages\/44\/revisions"}],"predecessor-version":[{"id":377,"href":"https:\/\/labirynt.com\/prostepytania\/wp-json\/wp\/v2\/pages\/44\/revisions\/377"}],"wp:attachment":[{"href":"https:\/\/labirynt.com\/prostepytania\/wp-json\/wp\/v2\/media?parent=44"}],"curies":[{"name":"wp","href":"https:\/\/api.w.org\/{rel}","templated":true}]}}